{"id":3048,"date":"2022-07-05T09:32:32","date_gmt":"2022-07-05T09:32:32","guid":{"rendered":"https:\/\/www.hunum.it\/politique-de-confidentialite\/"},"modified":"2024-01-04T16:12:28","modified_gmt":"2024-01-04T16:12:28","slug":"politique-de-confidentialite","status":"publish","type":"page","link":"https:\/\/www.hunum.it\/fr\/politique-de-confidentialite\/","title":{"rendered":"politique de confidentialit\u00e9"},"content":{"rendered":"\t\t<div data-elementor-type=\"wp-page\" data-elementor-id=\"3048\" class=\"elementor elementor-3048 elementor-3\" data-elementor-post-type=\"page\">\n\t\t\t\t\t\t<section class=\"elementor-section elementor-top-section elementor-element elementor-element-628c0572 elementor-section-boxed elementor-section-height-default elementor-section-height-default\" data-id=\"628c0572\" data-element_type=\"section\" data-e-type=\"section\" data-settings=\"{&quot;jet_parallax_layout_list&quot;:[]}\">\n\t\t\t\t\t\t<div class=\"elementor-container elementor-column-gap-default\">\n\t\t\t\t\t<div class=\"elementor-column elementor-col-100 elementor-top-column elementor-element elementor-element-773bbdbf\" data-id=\"773bbdbf\" data-element_type=\"column\" data-e-type=\"column\">\n\t\t\t<div class=\"elementor-widget-wrap elementor-element-populated\">\n\t\t\t\t\t\t<div class=\"elementor-element elementor-element-63a1096 elementor-widget elementor-widget-heading\" data-id=\"63a1096\" data-element_type=\"widget\" data-e-type=\"widget\" data-widget_type=\"heading.default\">\n\t\t\t\t<div class=\"elementor-widget-container\">\n\t\t\t\t\t<h2 class=\"elementor-heading-title elementor-size-default\">politique de confidentialit\u00e9<\/h2>\t\t\t\t<\/div>\n\t\t\t\t<\/div>\n\t\t\t\t<div class=\"elementor-element elementor-element-164f344f elementor-widget elementor-widget-text-editor\" data-id=\"164f344f\" data-element_type=\"widget\" data-e-type=\"widget\" data-widget_type=\"text-editor.default\">\n\t\t\t\t<div class=\"elementor-widget-container\">\n\t\t\t\t\t\t\t\t\t<p><\/p>\n<p>Cette Application collecte certaines Donn\u00e9es Personnelles de ses Utilisateurs.<\/p>\n<p><\/p>\n<p><\/p>\n<p>Ce document peut \u00eatre imprim\u00e9 \u00e0 l&rsquo;aide de la commande d&rsquo;impression dans les param\u00e8tres de n&rsquo;importe quel navigateur.<\/p>\n<p><\/p>\n<p><\/p>\n<h2>&nbsp;<\/h2>\n<h2>Contr\u00f4leur de donn\u00e9es<\/h2>\n<p><\/p>\n<p><\/p>\n<p>ENTREPRISE AGRICOLE LUCA CAPURSO, Via Castanedi 29<br>Gordona SO &#8211; Fraz. Menarola &#8211; Num\u00e9ro de TVA : 01031690140<\/p>\n<p><\/p>\n<p><\/p>\n<p><strong>Adresse email du propri\u00e9taire :<\/strong>&nbsp; agricole@hunum.co<\/p>\n<p><\/p>\n<p><\/p>\n<h2>&nbsp;<\/h2>\n<h2>Types de donn\u00e9es collect\u00e9es<\/h2>\n<p><\/p>\n<p><\/p>\n<p>Parmi les Donn\u00e9es Personnelles collect\u00e9es par cette Application, de mani\u00e8re ind\u00e9pendante ou par l&rsquo;interm\u00e9diaire de tiers, figurent : Outils de suivi ; Des donn\u00e9es d&rsquo;utilisation; Pr\u00e9nom; nom; num\u00e9ro de t\u00e9l\u00e9phone; e-mail; diff\u00e9rents types de donn\u00e9es.<\/p>\n<p><\/p>\n<p><\/p>\n<p>Des d\u00e9tails complets sur chaque type de donn\u00e9es collect\u00e9es sont fournis dans les sections d\u00e9di\u00e9es de cette politique de confidentialit\u00e9 ou au travers de textes d&rsquo;information sp\u00e9cifiques affich\u00e9s avant la collecte des donn\u00e9es.<br>Les Donn\u00e9es personnelles peuvent \u00eatre fournies librement par l\u2019Utilisateur ou, dans le cas de Donn\u00e9es d\u2019utilisation, collect\u00e9es automatiquement lors de l\u2019utilisation de cette Application.<br>Sauf indication contraire, toutes les Donn\u00e9es demand\u00e9es par cette Application sont obligatoires. Si l&rsquo;Utilisateur refuse de les communiquer, il pourra \u00eatre impossible pour cette Application de fournir le Service. Dans les cas o\u00f9 cette Application indique certaines Donn\u00e9es comme facultatives, les Utilisateurs sont libres de s&rsquo;abstenir de communiquer ces Donn\u00e9es, sans que cela n&rsquo;ait de cons\u00e9quence sur la disponibilit\u00e9 du Service ou son fonctionnement.<br>Les utilisateurs qui ont des doutes sur les donn\u00e9es obligatoires sont encourag\u00e9s \u00e0 contacter le propri\u00e9taire.<br>Toute utilisation de cookies &#8211; ou d&rsquo;autres outils de suivi &#8211; par cette Application ou par les propri\u00e9taires de services tiers utilis\u00e9s par cette Application, sauf indication contraire, a pour but de fournir le Service demand\u00e9 par l&rsquo;Utilisateur, en plus des autres finalit\u00e9s d\u00e9crites dans ce document et dans la politique en mati\u00e8re de cookies, si disponible.<\/p>\n<p><\/p>\n<p><\/p>\n<p>L&rsquo;Utilisateur assume la responsabilit\u00e9 des Donn\u00e9es Personnelles de tiers obtenues, publi\u00e9es ou partag\u00e9es via cette Application et garantit qu&rsquo;il a le droit de les communiquer ou de les diffuser, lib\u00e9rant ainsi le Propri\u00e9taire de toute responsabilit\u00e9 envers les tiers.<\/p>\n<p><\/p>\n<p><\/p>\n<h2>&nbsp;<\/h2>\n<h2>M\u00e9thode et lieu de traitement des donn\u00e9es collect\u00e9es<\/h2>\n<p><\/p>\n<p><\/p>\n<h3>M\u00e9thodes de traitement<\/h3>\n<p><\/p>\n<p><\/p>\n<p>Le responsable du traitement adopte des mesures de s\u00e9curit\u00e9 appropri\u00e9es visant \u00e0 emp\u00eacher l&rsquo;acc\u00e8s, la divulgation, la modification ou la destruction non autoris\u00e9s des donn\u00e9es personnelles.<br>Le traitement est effectu\u00e9 \u00e0 l&rsquo;aide d&rsquo;outils informatiques et\/ou t\u00e9l\u00e9matiques, avec des modalit\u00e9s organisationnelles et avec une logique strictement li\u00e9e aux finalit\u00e9s indiqu\u00e9es. Outre le Propri\u00e9taire, dans certains cas, d&rsquo;autres parties impliqu\u00e9es dans l&rsquo;organisation de cette Application (administrateurs administratifs, commerciaux, marketing, juridiques, administrateurs syst\u00e8me) ou des parties externes (telles que des prestataires de services techniques tiers, des coursiers postaux, des h\u00e9bergeurs, Soci\u00e9t\u00e9s informatiques, agences de communication) \u00e9galement d\u00e9sign\u00e9s, le cas \u00e9ch\u00e9ant, comme sous-traitants par le responsable du traitement. La liste mise \u00e0 jour des Responsables peut toujours \u00eatre demand\u00e9e aupr\u00e8s du Responsable du traitement.<\/p>\n<p><\/p>\n<p><\/p>\n<h3>Base juridique du traitement<\/h3>\n<p><\/p>\n<p><\/p>\n<p>Le Propri\u00e9taire traite les Donn\u00e9es Personnelles relatives \u00e0 l&rsquo;Utilisateur si l&rsquo;une des conditions suivantes existe :<\/p>\n<p><\/p>\n<p><\/p>\n<ul>\n<li style=\"list-style-type: none;\">\n<ul><\/ul>\n<\/li>\n<\/ul>\n<ul>\n<li style=\"list-style-type: none;\">\n<ul>\n<li>l&rsquo;Utilisateur a donn\u00e9 son consentement pour une ou plusieurs finalit\u00e9s sp\u00e9cifiques&nbsp;; Remarque : dans certaines juridictions, le Propri\u00e9taire peut \u00eatre autoris\u00e9 \u00e0 traiter les Donn\u00e9es personnelles sans le consentement de l&rsquo;Utilisateur ou une autre des bases juridiques sp\u00e9cifi\u00e9es ci-dessous, jusqu&rsquo;\u00e0 ce que l&rsquo;Utilisateur s&rsquo;oppose (\u00ab opt-out \u00bb) \u00e0 ce traitement. Toutefois, ceci n&rsquo;est pas applicable si le traitement des Donn\u00e9es Personnelles est r\u00e9glement\u00e9 par la l\u00e9gislation europ\u00e9enne sur la protection des Donn\u00e9es Personnelles ;<\/li>\n<\/ul>\n<\/li>\n<\/ul>\n<p><\/p>\n<p><\/p>\n<ul>\n<li style=\"list-style-type: none;\">\n<ul>\n<li>le traitement est n\u00e9cessaire \u00e0 l&rsquo;ex\u00e9cution d&rsquo;un contrat avec l&rsquo;Utilisateur et\/ou \u00e0 l&rsquo;ex\u00e9cution de mesures pr\u00e9contractuelles ;<\/li>\n<\/ul>\n<\/li>\n<\/ul>\n<p><\/p>\n<p><\/p>\n<ul>\n<li style=\"list-style-type: none;\">\n<ul>\n<li>le traitement est n\u00e9cessaire pour remplir une obligation l\u00e9gale \u00e0 laquelle le responsable du traitement est soumis&nbsp;;<\/li>\n<\/ul>\n<\/li>\n<\/ul>\n<p><\/p>\n<p><\/p>\n<ul>\n<li style=\"list-style-type: none;\">\n<ul>\n<li>le traitement est n\u00e9cessaire \u00e0 l&rsquo;ex\u00e9cution d&rsquo;une mission d&rsquo;int\u00e9r\u00eat public ou \u00e0 l&rsquo;exercice des pouvoirs publics dont est investi le responsable du traitement ;<\/li>\n<\/ul>\n<\/li>\n<\/ul>\n<p><\/p>\n<p><\/p>\n<ul>\n<li style=\"list-style-type: none;\">\n<ul>\n<li>le traitement est n\u00e9cessaire \u00e0 la poursuite de l&rsquo;int\u00e9r\u00eat l\u00e9gitime du responsable du traitement ou de tiers.<\/li>\n<\/ul>\n<\/li>\n<\/ul>\n<p><\/p>\n<p><\/p>\n<p><\/p>\n<p>Toutefois, il est toujours possible de demander au Responsable de traitement de clarifier la base juridique concr\u00e8te de chaque traitement et notamment de pr\u00e9ciser si le traitement est fond\u00e9 sur la loi, pr\u00e9vu par un contrat ou n\u00e9cessaire \u00e0 la conclusion d&rsquo;un contrat.<\/p>\n<p><\/p>\n<p><\/p>\n<h3>Lieu<\/h3>\n<p><\/p>\n<p><\/p>\n<p>Les Donn\u00e9es sont trait\u00e9es dans les bureaux op\u00e9rationnels du Propri\u00e9taire et dans tout autre lieu o\u00f9 se trouvent les parties impliqu\u00e9es dans le traitement. Pour plus d&rsquo;informations, contactez le propri\u00e9taire.<br>Les Donn\u00e9es Personnelles de l&rsquo;Utilisateur pourront \u00eatre transf\u00e9r\u00e9es vers un pays autre que celui dans lequel se trouve l&rsquo;Utilisateur. Pour obtenir de plus amples informations sur le lieu de traitement, l&rsquo;Utilisateur peut se r\u00e9f\u00e9rer \u00e0 la section relative aux d\u00e9tails sur le traitement des Donn\u00e9es Personnelles.<\/p>\n<p><\/p>\n<p><\/p>\n<p>L&rsquo;Utilisateur a le droit d&rsquo;obtenir des informations sur la base juridique du transfert de Donn\u00e9es en dehors de l&rsquo;Union europ\u00e9enne ou vers une organisation internationale r\u00e9gie par le droit international public ou constitu\u00e9e par deux ou plusieurs pays, comme par exemple l&rsquo;ONU, ainsi que sur les mesures de s\u00e9curit\u00e9 adopt\u00e9es par le responsable du traitement pour prot\u00e9ger les donn\u00e9es.<\/p>\n<p>L&rsquo;Utilisateur peut v\u00e9rifier si l&rsquo;un des transferts qui viennent d&rsquo;\u00eatre d\u00e9crits a lieu en examinant la section de ce document relative aux d\u00e9tails sur le traitement des Donn\u00e9es Personnelles ou demander des informations au Responsable du Traitement en le contactant aux coordonn\u00e9es indiqu\u00e9es au d\u00e9but.<\/p>\n<p><\/p>\n<p><\/p>\n<h3>Dur\u00e9e de conservation<\/h3>\n<p><\/p>\n<p><\/p>\n<p>Les Donn\u00e9es sont trait\u00e9es et conserv\u00e9es pendant la dur\u00e9e n\u00e9cessaire aux finalit\u00e9s pour lesquelles elles ont \u00e9t\u00e9 collect\u00e9es.<\/p>\n<p><\/p>\n<p><\/p>\n<p>Donc:<\/p>\n<p><\/p>\n<p><\/p>\n<ul>\n<li style=\"list-style-type: none;\">\n<ul><\/ul>\n<\/li>\n<\/ul>\n<ul>\n<li style=\"list-style-type: none;\">\n<ul>\n<li>Les donn\u00e9es personnelles collect\u00e9es \u00e0 des fins li\u00e9es \u00e0 l&rsquo;ex\u00e9cution d&rsquo;un contrat entre le Propri\u00e9taire et l&rsquo;Utilisateur seront conserv\u00e9es jusqu&rsquo;\u00e0 ce que l&rsquo;ex\u00e9cution de ce contrat soit termin\u00e9e.<\/li>\n<\/ul>\n<\/li>\n<\/ul>\n<p><\/p>\n<p><\/p>\n<ul>\n<li style=\"list-style-type: none;\">\n<ul>\n<li>Les donn\u00e9es personnelles collect\u00e9es \u00e0 des fins attribuables \u00e0 l&rsquo;int\u00e9r\u00eat l\u00e9gitime du propri\u00e9taire seront conserv\u00e9es jusqu&rsquo;\u00e0 ce que cet int\u00e9r\u00eat soit satisfait. L&rsquo;Utilisateur peut obtenir de plus amples informations sur l&rsquo;int\u00e9r\u00eat l\u00e9gitime poursuivi par le Propri\u00e9taire dans les sections pertinentes de ce document ou en contactant le Propri\u00e9taire.<\/li>\n<\/ul>\n<\/li>\n<\/ul>\n<p><\/p>\n<p><\/p>\n<p><\/p>\n<p>Lorsque le traitement est bas\u00e9 sur le consentement de l&rsquo;Utilisateur, le Propri\u00e9taire peut conserver les Donn\u00e9es Personnelles plus longtemps jusqu&rsquo;\u00e0 la r\u00e9vocation de ce consentement. En outre, le Propri\u00e9taire peut \u00eatre oblig\u00e9 de conserver les Donn\u00e9es Personnelles pour une p\u00e9riode plus longue conform\u00e9ment \u00e0 une obligation l\u00e9gale ou sur ordre d&rsquo;une autorit\u00e9.<\/p>\n<p>A la fin de la p\u00e9riode de conservation, les Donn\u00e9es Personnelles seront supprim\u00e9es. Par cons\u00e9quent, \u00e0 l&rsquo;expiration de ce d\u00e9lai, le droit d&rsquo;acc\u00e8s, d&rsquo;annulation, de rectification et le droit \u00e0 la portabilit\u00e9 des donn\u00e9es ne pourront plus \u00eatre exerc\u00e9s.<\/p>\n<p><\/p>\n<p><\/p>\n<h2>&nbsp;<\/h2>\n<h2>Finalit\u00e9 du traitement des donn\u00e9es collect\u00e9es<\/h2>\n<p><\/p>\n<p><\/p>\n<p>Les Donn\u00e9es de l&rsquo;Utilisateur sont collect\u00e9es pour permettre au Propri\u00e9taire de fournir le Service, de remplir ses obligations l\u00e9gales, de r\u00e9pondre \u00e0 des demandes ou \u00e0 des mesures coercitives, de prot\u00e9ger ses droits et int\u00e9r\u00eats (ou ceux des Utilisateurs ou de tiers), d&rsquo;identifier toute activit\u00e9 malveillante ou frauduleuse, ainsi que aux fins suivantes : Statistiques, Contacter l&rsquo;Utilisateur, Affichage de contenus provenant de plateformes externes et Gestion des contacts et envoi de messages.<\/p>\n<p><\/p>\n<p><\/p>\n<p>Pour obtenir des informations d\u00e9taill\u00e9es sur les finalit\u00e9s du traitement et les Donn\u00e9es Personnelles trait\u00e9es pour chaque finalit\u00e9, l&rsquo;Utilisateur peut se r\u00e9f\u00e9rer \u00e0 la rubrique \u00ab D\u00e9tails sur le traitement des Donn\u00e9es Personnelles \u00bb.<\/p>\n<p><\/p>\n<p><\/p>\n<h2>&nbsp;<\/h2>\n<h2>D\u00e9tails sur le traitement des donn\u00e9es personnelles<\/h2>\n<p><\/p>\n<p><\/p>\n<p>Les Donn\u00e9es Personnelles sont collect\u00e9es aux fins suivantes et en utilisant les services suivants :<\/p>\n<p><\/p>\n<p><\/p>\n<ul>\n<li style=\"list-style-type: none;\">\n<ul><\/ul>\n<\/li>\n<\/ul>\n<ul>\n<li style=\"list-style-type: none;\">\n<ul>\n<li><b>Contacter l&rsquo;Utilisateur Formulaire de contact<\/b> : L&rsquo;Utilisateur, en remplissant le formulaire de contact avec ses donn\u00e9es, consent \u00e0 ce que celles-ci soient utilis\u00e9es pour r\u00e9pondre \u00e0 des demandes d&rsquo;informations, de devis, ou de toute autre nature indiqu\u00e9e par l&rsquo;en-t\u00eate du formulaire. Donn\u00e9es personnelles trait\u00e9es : nom ; e-mail; Pr\u00e9nom; num\u00e9ro de t\u00e9l\u00e9phone; diff\u00e9rents types de donn\u00e9es.<\/li>\n<\/ul>\n<\/li>\n<\/ul>\n<p><\/p>\n<p><\/p>\n<ul>\n<li style=\"list-style-type: none;\">\n<ul>\n<li><b>Gestion des contacts et envoi de messages :<\/b> Ce type de service permet de g\u00e9rer une base de donn\u00e9es de contacts email, t\u00e9l\u00e9phoniques ou de tout autre type, utilis\u00e9e pour communiquer avec l&rsquo;Utilisateur. Ces services peuvent \u00e9galement permettre la collecte de donn\u00e9es relatives \u00e0 la date et \u00e0 l&rsquo;heure de consultation des messages par l&rsquo;Utilisateur, ainsi qu&rsquo;\u00e0 l&rsquo;interaction de l&rsquo;Utilisateur avec ceux-ci, telles que des informations sur les clics sur les liens inclus dans les messages.  <b>MAILCHIMP<\/b> est un service de gestion d&rsquo;adresses et d&rsquo;envoi de messages \u00e9lectroniques fourni par Intuit Inc. Donn\u00e9es personnelles trait\u00e9es : email. Lieu de traitement : \u00c9tats-Unis \u2013&nbsp;<a href=\"https:\/\/www.intuit.com\/privacy\/statement\/\" target=\"_blank\" rel=\"noreferrer noopener\">Politique de confidentialit\u00e9<\/a> .<\/li>\n<\/ul>\n<\/li>\n<\/ul>\n<p><\/p>\n<p><\/p>\n<ul>\n<li style=\"list-style-type: none;\">\n<ul>\n<li><b>Gestion des tags :<\/b> Ce type de service est fonctionnel pour la gestion centralis\u00e9e des tags ou scripts utilis\u00e9s sur cette Application. L&rsquo;utilisation de ces services implique la circulation des Donn\u00e9es Utilisateur \u00e0 travers eux et, le cas \u00e9ch\u00e9ant, leur conservation. <b>GOOGLE TAG MANAGER<\/b> est un service de gestion de balises fourni par Google Ireland Limited. Donn\u00e9es personnelles trait\u00e9es : Donn\u00e9es d&rsquo;utilisation ; Outils de suivi. Lieu de traitement : Irlande \u2013&nbsp;<a href=\"https:\/\/policies.google.com\/privacy\" target=\"_blank\">Politique de confidentialit\u00e9<\/a> .<\/li>\n<\/ul>\n<\/li>\n<\/ul>\n<p><\/p>\n<p><\/p>\n<ul>\n<li style=\"list-style-type: none;\">\n<ul>\n<li><b>Statistiques&nbsp;:<\/b> les services contenus dans cette section permettent au responsable du traitement de surveiller et d&rsquo;analyser les donn\u00e9es de trafic et servent \u00e0 suivre le comportement de l&rsquo;utilisateur. <b>GOOGLE ANALITYCS<\/b> est un service d&rsquo;analyse Web fourni par Google Ireland Limited (\u00ab Google \u00bb). Google utilise les donn\u00e9es personnelles collect\u00e9es dans le but de suivre et d&rsquo;examiner l&rsquo;utilisation de cette Application, d&rsquo;\u00e9tablir des rapports et de les partager avec d&rsquo;autres services d\u00e9velopp\u00e9s par Google. Google peut utiliser les Donn\u00e9es Personnelles pour contextualiser et personnaliser les publicit\u00e9s de son r\u00e9seau publicitaire. Cette int\u00e9gration de Google Analytics anonymise votre adresse IP. L&rsquo;anonymisation fonctionne en raccourcissant l&rsquo;adresse IP des utilisateurs \u00e0 l&rsquo;int\u00e9rieur des fronti\u00e8res des \u00c9tats membres de l&rsquo;Union europ\u00e9enne ou dans d&rsquo;autres pays adh\u00e9rant \u00e0 l&rsquo;accord sur l&rsquo;Espace \u00e9conomique europ\u00e9en. Dans des cas exceptionnels seulement, l&rsquo;adresse IP sera envoy\u00e9e aux serveurs de Google et raccourcie aux \u00c9tats-Unis. Donn\u00e9es personnelles trait\u00e9es : Donn\u00e9es d&rsquo;utilisation ; Outils de suivi. Lieu de traitement : Irlande \u2013&nbsp;<a href=\"https:\/\/policies.google.com\/privacy\" target=\"_blank\" rel=\"noreferrer noopener\">politique de confidentialit\u00e9<\/a>&nbsp; <span style=\"background-color: transparent; color: var( --e-global-color-text );\">\u2013<\/span>&nbsp; <a href=\"https:\/\/tools.google.com\/dlpage\/gaoptout?hl=en\" target=\"_blank\" rel=\"noreferrer noopener\">Se d\u00e9sengager<\/a><span style=\"background-color: transparent; color: var( --e-global-color-text );\">. &#8212;&nbsp;<\/span><b style=\"background-color: transparent; color: var( --e-global-color-text );\">RESPONSABLE DES M\u00c9TA-\u00c9V\u00c9NEMENTS<\/b><span style=\"background-color: transparent; color: var( --e-global-color-text );\">  est un service de statistiques fourni par Meta Platforms Ireland Limited. En int\u00e9grant le Meta pixel, Meta Events Manager peut fournir au Propri\u00e9taire des informations sur le trafic et les interactions sur cette Application. Donn\u00e9es personnelles trait\u00e9es : Donn\u00e9es d&rsquo;utilisation ; Outils de suivi. Lieu de traitement : Irlande \u2013&nbsp;<\/span><a href=\"https:\/\/www.facebook.com\/privacy\/policy\/?entry_point=data_policy_redirect&amp;entry=0\" target=\"_blank\">politique de confidentialit\u00e9<\/a>&nbsp; <span style=\"background-color: transparent; color: var( --e-global-color-text );\">\u2013<\/span>&nbsp; <a href=\"https:\/\/www.facebook.com\/settings\/?tab=profile\" target=\"_blank\">Se d\u00e9sengager<\/a> <span style=\"background-color: transparent; color: var( --e-global-color-text );\">.<\/span><\/li>\n<\/ul>\n<\/li>\n<\/ul>\n<p><\/p>\n<p><\/p>\n<ul>\n<li style=\"list-style-type: none;\">\n<ul>\n<li><b>Affichage du contenu \u00e0 partir de plateformes externes&nbsp;:<\/b>&nbsp; Ce type de service vous permet de visualiser des contenus h\u00e9berg\u00e9s sur des plateformes externes directement depuis les pages de cette Application et d&rsquo;interagir avec eux.<br>Ce type de service pourrait toujours collecter des donn\u00e9es sur le trafic Web relatif aux pages sur lesquelles le service est install\u00e9, m\u00eame lorsque les utilisateurs ne l&rsquo;utilisent pas.  <b>GOOGLE MAPS<\/b>&nbsp; est un service de visualisation de cartes g\u00e9r\u00e9 par Google Ireland Limited qui permet \u00e0 cette application d&rsquo;int\u00e9grer de tels contenus dans ses pages. Donn\u00e9es personnelles trait\u00e9es : Donn\u00e9es d&rsquo;utilisation. Lieu de traitement : Irlande \u2013&nbsp;<a href=\"https:\/\/policies.google.com\/privacy\" target=\"_blank\" rel=\"noreferrer noopener\">Politique de confidentialit\u00e9<\/a> .<\/li>\n<\/ul>\n<\/li>\n<\/ul>\n<p><\/p>\n<p><\/p>\n<p><\/p>\n<h2>&nbsp;<\/h2>\n<h2>Droits de l&rsquo;utilisateur<\/h2>\n<p><\/p>\n<p><\/p>\n<p>Les utilisateurs peuvent exercer certains droits en r\u00e9f\u00e9rence aux donn\u00e9es trait\u00e9es par le propri\u00e9taire.<\/p>\n<p><\/p>\n<p><\/p>\n<p>L&rsquo;Utilisateur a notamment le droit de :<\/p>\n<p><\/p>\n<p><\/p>\n<ul>\n<li style=\"list-style-type: none;\">\n<ul><\/ul>\n<\/li>\n<\/ul>\n<ul>\n<li style=\"list-style-type: none;\">\n<ul>\n<li><strong>r\u00e9voquer votre consentement \u00e0 tout moment.<\/strong>&nbsp; L&rsquo;Utilisateur peut r\u00e9voquer le consentement pr\u00e9c\u00e9demment exprim\u00e9 au traitement de ses Donn\u00e9es Personnelles.<\/li>\n<\/ul>\n<\/li>\n<\/ul>\n<p><\/p>\n<p><\/p>\n<ul>\n<li style=\"list-style-type: none;\">\n<ul>\n<li><strong>vous opposer au traitement de vos Donn\u00e9es.<\/strong>&nbsp; L&rsquo;Utilisateur peut s&rsquo;opposer au traitement de ses Donn\u00e9es lorsque celui-ci intervient sur une base juridique autre que le consentement. De plus amples d\u00e9tails sur le droit d\u2019opposition sont pr\u00e9sent\u00e9s dans la section ci-dessous.<\/li>\n<\/ul>\n<\/li>\n<\/ul>\n<p><\/p>\n<p><\/p>\n<ul>\n<li style=\"list-style-type: none;\">\n<ul>\n<li><strong>acc\u00e9der \u00e0 vos donn\u00e9es.<\/strong>&nbsp; L&rsquo;Utilisateur a le droit d&rsquo;obtenir des informations sur les Donn\u00e9es trait\u00e9es par le Propri\u00e9taire, sur certains aspects du traitement et de recevoir une copie des Donn\u00e9es trait\u00e9es.<\/li>\n<\/ul>\n<\/li>\n<\/ul>\n<p><\/p>\n<p><\/p>\n<ul>\n<li style=\"list-style-type: none;\">\n<ul>\n<li><strong>v\u00e9rifier et demander la rectification.<\/strong>&nbsp; L&rsquo;Utilisateur peut v\u00e9rifier l&rsquo;exactitude de ses Donn\u00e9es et demander leur mise \u00e0 jour ou leur rectification.<\/li>\n<\/ul>\n<\/li>\n<\/ul>\n<p><\/p>\n<p><\/p>\n<ul>\n<li style=\"list-style-type: none;\">\n<ul>\n<li><strong>obtenir la limitation du traitement.<\/strong>&nbsp; Lorsque certaines conditions sont remplies, l&rsquo;Utilisateur peut demander la limitation du traitement de ses Donn\u00e9es. Dans ce cas, le Responsable du traitement ne traitera les Donn\u00e9es \u00e0 aucune fin autre que leur conservation.<\/li>\n<\/ul>\n<\/li>\n<\/ul>\n<p><\/p>\n<p><\/p>\n<ul>\n<li style=\"list-style-type: none;\">\n<ul>\n<li><strong>obtenir l&rsquo;annulation ou la suppression de vos donn\u00e9es personnelles.<\/strong>&nbsp; Lorsque certaines conditions sont remplies, l&rsquo;Utilisateur peut demander la suppression de ses Donn\u00e9es par le Propri\u00e9taire.<\/li>\n<\/ul>\n<\/li>\n<\/ul>\n<p><\/p>\n<p><\/p>\n<ul>\n<li style=\"list-style-type: none;\">\n<ul>\n<li><strong>recevoir vos Donn\u00e9es ou les faire transf\u00e9rer \u00e0 un autre propri\u00e9taire.<\/strong>&nbsp; L&rsquo;Utilisateur a le droit de recevoir ses Donn\u00e9es dans un format structur\u00e9, couramment utilis\u00e9 et lisible par machine et, lorsque cela est techniquement possible, d&rsquo;obtenir leur transfert sans obstacles \u00e0 un autre propri\u00e9taire. Cette disposition est applicable lorsque les Donn\u00e9es sont trait\u00e9es avec des outils automatis\u00e9s et que le traitement est fond\u00e9 sur le consentement de l&rsquo;Utilisateur, sur un contrat dont l&rsquo;Utilisateur est partie ou sur des mesures contractuelles qui y sont li\u00e9es.<\/li>\n<\/ul>\n<\/li>\n<\/ul>\n<p><\/p>\n<p><\/p>\n<ul>\n<li style=\"list-style-type: none;\">\n<ul>\n<li><strong>d\u00e9poser une plainte.<\/strong>&nbsp; L\u2019Utilisateur peut d\u00e9poser une plainte aupr\u00e8s de l\u2019autorit\u00e9 de contr\u00f4le comp\u00e9tente en mati\u00e8re de protection des donn\u00e9es personnelles ou engager une action en justice.<\/li>\n<\/ul>\n<\/li>\n<\/ul>\n<p><\/p>\n<p><\/p>\n<p><\/p>\n<h3>D\u00e9tails sur le droit d&rsquo;opposition<\/h3>\n<p><\/p>\n<p><\/p>\n<p>Lorsque les Donn\u00e9es Personnelles sont trait\u00e9es dans l&rsquo;int\u00e9r\u00eat public, dans l&rsquo;exercice des pouvoirs publics dont est investi le Propri\u00e9taire ou pour poursuivre un int\u00e9r\u00eat l\u00e9gitime du Propri\u00e9taire, les Utilisateurs ont le droit de s&rsquo;opposer au traitement pour des raisons li\u00e9es \u00e0 leur situation particuli\u00e8re.<\/p>\n<p><\/p>\n<p><\/p>\n<p>Il est rappel\u00e9 aux Utilisateurs que, si leurs Donn\u00e9es sont trait\u00e9es \u00e0 des fins de marketing direct, ils peuvent s&rsquo;opposer au traitement sans justifier de motif. Pour savoir si le Propri\u00e9taire traite les donn\u00e9es \u00e0 des fins de marketing direct, les Utilisateurs peuvent se r\u00e9f\u00e9rer aux sections respectives de ce document.<\/p>\n<p><\/p>\n<p><\/p>\n<h3>Comment exercer vos droits<\/h3>\n<p><\/p>\n<p><\/p>\n<p>Pour exercer les droits de l&rsquo;Utilisateur, l&rsquo;Utilisateur peut adresser une demande aux coordonn\u00e9es du Propri\u00e9taire indiqu\u00e9es dans ce document. Les demandes sont d\u00e9pos\u00e9es gratuitement et trait\u00e9es par le responsable du traitement dans les plus brefs d\u00e9lais, en tout cas dans un d\u00e9lai d&rsquo;un mois.<\/p>\n<p><\/p>\n<p><\/p>\n<h2>&nbsp;<\/h2>\n<h2>En savoir plus sur le traitement<\/h2>\n<p><\/p>\n<p><\/p>\n<h3>D\u00e9fense devant le tribunal<\/h3>\n<p><\/p>\n<p><\/p>\n<p>Les donn\u00e9es personnelles de l&rsquo;utilisateur peuvent \u00eatre utilis\u00e9es par le propri\u00e9taire en justice ou dans les \u00e9tapes pr\u00e9paratoires de son \u00e9ventuelle cr\u00e9ation pour la d\u00e9fense contre les abus dans l&rsquo;utilisation de cette application ou des services associ\u00e9s par l&rsquo;utilisateur.<br>L&rsquo;Utilisateur d\u00e9clare \u00eatre conscient que le Propri\u00e9taire peut \u00eatre oblig\u00e9 de divulguer les Donn\u00e9es sur ordre des autorit\u00e9s publiques.<\/p>\n<p><\/p>\n<p><\/p>\n<h3>Information sp\u00e9cifique<\/h3>\n<p><\/p>\n<p><\/p>\n<p>\u00c0 la demande de l&rsquo;Utilisateur, en plus des informations contenues dans la pr\u00e9sente politique de confidentialit\u00e9, cette Application peut fournir \u00e0 l&rsquo;Utilisateur des informations suppl\u00e9mentaires et contextuelles concernant des Services sp\u00e9cifiques, ou la collecte et le traitement de Donn\u00e9es Personnelles.<\/p>\n<p><\/p>\n<p><\/p>\n<h3>Journaux syst\u00e8me et maintenance<\/h3>\n<p><\/p>\n<p><\/p>\n<p>Pour les besoins li\u00e9s \u00e0 l&rsquo;exploitation et \u00e0 la maintenance, cette Application et tout service tiers qu&rsquo;elle utilise peuvent collecter des journaux syst\u00e8me, c&rsquo;est-\u00e0-dire des fichiers qui enregistrent les interactions et qui peuvent \u00e9galement contenir des Donn\u00e9es personnelles, telles que l&rsquo;adresse IP de l&rsquo;Utilisateur.<\/p>\n<p><\/p>\n<p><\/p>\n<h3>Informations non contenues dans cette politique<\/h3>\n<p><\/p>\n<p><\/p>\n<p>Des informations compl\u00e9mentaires concernant le traitement des donn\u00e9es personnelles peuvent \u00eatre demand\u00e9es \u00e0 tout moment au responsable du traitement en utilisant les coordonn\u00e9es.<\/p>\n<p><\/p>\n<p><\/p>\n<h3>R\u00e9pondre aux demandes \u00ab&nbsp;Ne pas suivre&nbsp;\u00bb<\/h3>\n<p><\/p>\n<p><\/p>\n<p>Cette application ne prend pas en charge les demandes \u00ab Do Not Track \u00bb.<br>Pour savoir si les services tiers utilis\u00e9s les prennent en charge, l&rsquo;Utilisateur est invit\u00e9 \u00e0 consulter les politiques de confidentialit\u00e9 respectives.<\/p>\n<p><\/p>\n<p><\/p>\n<h3>Modifications de cette politique de confidentialit\u00e9<\/h3>\n<p><\/p>\n<p><\/p>\n<p>Le responsable du traitement se r\u00e9serve le droit d&rsquo;apporter des modifications \u00e0 cette politique de confidentialit\u00e9 \u00e0 tout moment en informant les utilisateurs sur cette page et, si possible, sur cette application ainsi que, si cela est techniquement et l\u00e9galement possible, en envoyant une notification aux utilisateurs via l&rsquo;un des coordonn\u00e9es contact qu&rsquo;il a. Merci donc de consulter fr\u00e9quemment cette page en vous r\u00e9f\u00e9rant \u00e0 la date de derni\u00e8re modification indiqu\u00e9e en bas.<\/p>\n<p>Si les modifications affectent un traitement dont la base juridique est le consentement, le Propri\u00e9taire recueillera \u00e0 nouveau le consentement de l&rsquo;Utilisateur, si n\u00e9cessaire.<\/p>\n<p><\/p>\t\t\t\t\t\t\t\t<\/div>\n\t\t\t\t<\/div>\n\t\t\t\t\t<\/div>\n\t\t<\/div>\n\t\t\t\t\t<\/div>\n\t\t<\/section>\n\t\t\t\t<\/div>\n\t\t","protected":false},"excerpt":{"rendered":"<p>Cette Application collecte certaines Donn\u00e9es Personnelles de ses Utilisateurs. Ce document peut \u00eatre imprim\u00e9 \u00e0 l&rsquo;aide de la commande d&rsquo;impression dans les param\u00e8tres de n&rsquo;importe quel navigateur. &nbsp; Contr\u00f4leur de donn\u00e9es ENTREPRISE AGRICOLE LUCA CAPURSO, Via Castanedi 29Gordona SO &#8211; Fraz. Menarola &#8211; Num\u00e9ro de TVA : 01031690140 Adresse email du propri\u00e9taire :&nbsp; agricole@hunum.co &nbsp; [&hellip;]<\/p>\n","protected":false},"author":1,"featured_media":0,"parent":0,"menu_order":0,"comment_status":"closed","ping_status":"open","template":"","meta":{"footnotes":""},"class_list":["post-3048","page","type-page","status-publish","hentry"],"_links":{"self":[{"href":"https:\/\/www.hunum.it\/fr\/wp-json\/wp\/v2\/pages\/3048","targetHints":{"allow":["GET"]}}],"collection":[{"href":"https:\/\/www.hunum.it\/fr\/wp-json\/wp\/v2\/pages"}],"about":[{"href":"https:\/\/www.hunum.it\/fr\/wp-json\/wp\/v2\/types\/page"}],"author":[{"embeddable":true,"href":"https:\/\/www.hunum.it\/fr\/wp-json\/wp\/v2\/users\/1"}],"replies":[{"embeddable":true,"href":"https:\/\/www.hunum.it\/fr\/wp-json\/wp\/v2\/comments?post=3048"}],"version-history":[{"count":1,"href":"https:\/\/www.hunum.it\/fr\/wp-json\/wp\/v2\/pages\/3048\/revisions"}],"predecessor-version":[{"id":3051,"href":"https:\/\/www.hunum.it\/fr\/wp-json\/wp\/v2\/pages\/3048\/revisions\/3051"}],"wp:attachment":[{"href":"https:\/\/www.hunum.it\/fr\/wp-json\/wp\/v2\/media?parent=3048"}],"curies":[{"name":"wp","href":"https:\/\/api.w.org\/{rel}","templated":true}]}}